{"id":6,"date":"2018-07-20T12:16:47","date_gmt":"2018-07-20T12:16:47","guid":{"rendered":"http:\/\/bonna-musica.com\/?page_id=6"},"modified":"2026-08-28T15:56:31","modified_gmt":"2026-08-28T15:56:31","slug":"dates","status":"publish","type":"page","link":"https:\/\/bonna-musica.com\/?page_id=6","title":{"rendered":"Dates"},"content":{"rendered":"<p><strong>07.09.2026, 20.00 h\u00a0<\/strong><br \/><a href=\"https:\/\/gloria.koeln\/programm\/20-jahre-stefan-knittler-\" target=\"_blank\" rel=\"noopener\">20 Jahre Stefan Knittler Konzert<\/a>, Gloria Theater, DE-50667 K\u00f6ln<\/p>\n<p><strong>19.09.2026, 12.30 h<\/strong><br \/>mit <a href=\"http:\/\/www.palmbayfrost.de\" target=\"_blank\" rel=\"noopener\">Palm Bay Frost<\/a>, Sommerfest, <a href=\"https:\/\/karl.koeln\" target=\"_blank\" rel=\"noopener\">St. Karl<\/a>, DE-50937 K\u00f6ln<\/p>\n<p><strong>20.09.2026, 18.00 h\u00a0<\/strong><br \/>mit Hartmut Frost, Benefizkonzert f\u00fcr <a href=\"https:\/\/www.lea-bonn.de\" target=\"_blank\" rel=\"noopener\">LeA e.V.<\/a>, Trinitatiskirche, DE-53121 Bonn<\/p>\n<p><strong>02.-06.10.2026<\/strong><br \/>Teen Folks Workshop, <a href=\"http:\/\/www.burg-fuersteneck.de\" target=\"_blank\" rel=\"noopener\">Burg F\u00fcrsteneck<\/a>, DE-36132 Eiterfeld<\/p>\n<p><strong>08.10.2026, 20.00 h<\/strong><br \/>mit dem <a href=\"http:\/\/www.reel-bach-consort.de\" target=\"_blank\" rel=\"noopener\">Reel Bach Consort<\/a>, <a href=\"https:\/\/www.brotfabrik-theater.de\" target=\"_blank\" rel=\"noopener\">Brotfabrik<\/a> @Vers\u00f6hnungskirche, DE-53225 Bonn<\/p>\n<p><strong>11.10.2026, tba h<\/strong><br \/>mit dem <a href=\"http:\/\/www.reel-bach-consort.de\" target=\"_blank\" rel=\"noopener\">Reel Bach Consort<\/a>, St. Anna Kapelle Bachem, DE-53474 Bad Neuenahr<\/p>\n<p><strong>06.11.2026, 20.00 h<\/strong><br \/>mit <a href=\"http:\/\/www.palmbayfrost.de\" target=\"_blank\" rel=\"noopener\">Palm Bay Frost<\/a>, <a href=\"https:\/\/www.kultur-kiste.de\/\" target=\"_blank\" rel=\"noopener\">Burgscheune<\/a>, DE-55271 Stadtecken<\/p>\n<p><strong>13.11.2026, tba h\u00a0<\/strong><br \/>mit <a href=\"https:\/\/diefeuersteins.eu\/\" target=\"_blank\" rel=\"noopener\">Die Feuersteins<\/a>, KulturOase, DE-26810 Westoverledingen<\/p>\n<p><strong>14.11.2026, 20.00 h\u00a0<\/strong><br \/>mit <a href=\"https:\/\/diefeuersteins.eu\/\" target=\"_blank\" rel=\"noopener\">Die Feuersteins<\/a>, <a href=\"https:\/\/noltesche-scheune.de\" target=\"_blank\" rel=\"noopener\">Noltesche Scheune<\/a>, DE-27305 S\u00fcstedt<\/p>\n<p><strong>20.11.2026, 20.00 h<\/strong><br \/>mit Susan Coleman, Lucia Wagner und <a href=\"http:\/\/www.doubletop.de\" target=\"_blank\" rel=\"noopener\">Ekhart Topp<\/a>, <a href=\"https:\/\/www.evangelisch-beuel.de\/leben-im-fluss\/klangkultur\/\" target=\"_blank\" rel=\"noopener\">Nachfolge-Christi-Kirche<\/a>, DE-53227 Bonn<\/p>\n<p><strong>21.-22.11.2026<\/strong><br \/>Fiddleworkshop, <a href=\"https:\/\/www.irishworkshop.de\" target=\"_blank\" rel=\"noopener\">Workshopwochenende f\u00fcr irische Musik in Bonn<\/a>, <a href=\"http:\/\/www.musikschule.bonn.de\" target=\"_blank\" rel=\"noopener\">Ludwig-van-Beethoven-Musikschule<\/a>, DE-53123 Bonn<\/p>\n<p><strong>11.-13.12.2026<\/strong><br \/><a href=\"https:\/\/www.burg-fuersteneck.de\/kursprogramm\/musik_und_tanz\/world_fiddle_project_26_10801\" target=\"_blank\" rel=\"noopener\">World Fiddle Project<\/a>, <a href=\"https:\/\/www.burg-fuersteneck.de\/\" target=\"_blank\" rel=\"noopener\">Burg F\u00fcrsteneck<\/a>, DE-36132 Eiterfeld<\/p>\n<p><strong>29.12.2026, 19.00 h<\/strong><br \/>mit <a href=\"https:\/\/hartmutfrost.de\" target=\"_blank\" rel=\"noopener\">Hartmut Frost<\/a>, Antweiler M\u00fchle, DE-53533 Antweiler<\/p>\n<p><strong>02.-06.08.2027<br \/><\/strong>Folk-Werkstatt, <a href=\"https:\/\/kulturstiftung-friedrichsdorf.de\/project\/sommerakademie-projekt\/\" target=\"_blank\" rel=\"noopener\">Sommerakademie der Kulturstiftung Friedrichsdorf<\/a>, DE-61381 Friedrichsdorf<\/p>\n<p><strong>08.08.2027, 19.00 h<\/strong><br \/>mit <a href=\"http:\/\/www.palmbayfrost.de\" target=\"_blank\" rel=\"noopener\">Palm Bay Frost<\/a>, <a href=\"https:\/\/www.elsebad.de\" target=\"_blank\" rel=\"noopener\">Elsebad<\/a>, DE-58239 Schwerte<\/p>\n<p><strong>30.08.-03.09.2027\u00a0<\/strong><br \/>Irish Folk Workshop, <a href=\"https:\/\/www.vhs-inzigkofen.de\/k\" target=\"_blank\" rel=\"noopener\">VHS Inzigkofen<\/a>, DE-72514 Inzigkofen<\/p>\n<p>\u00a0<\/p>\n\n\n<p><\/p>\n","protected":false},"excerpt":{"rendered":"<p>07.09.2026, 20.00 h\u00a020 Jahre Stefan Knittler Konzert, Gloria Theater, DE-50667 K\u00f6ln 19.09.2026, 12.30 hmit Palm Bay Frost, Sommerfest, St. Karl, DE-50937 K\u00f6ln 20.09.2026, 18.00 h\u00a0mit Hartmut Frost, Benefizkonzert f\u00fcr LeA e.V., Trinitatiskirche, DE-53121 Bonn 02.-06.10.2026Teen Folks Workshop, Burg F\u00fcrsteneck, DE-36132 Eiterfeld 08.10.2026, 20.00 hmit dem Reel Bach Consort, Brotfabrik @Vers\u00f6hnungskirche, DE-53225 Bonn 11.10.2026, tba hmit &hellip; <\/p>\n<p class=\"link-more\"><a href=\"https:\/\/bonna-musica.com\/?page_id=6\" class=\"more-link\"><span class=\"screen-reader-text\">\u201eDates\u201c<\/span> weiterlesen<\/a><\/p>\n","protected":false},"author":1,"featured_media":0,"parent":0,"menu_order":0,"comment_status":"closed","ping_status":"closed","template":"","meta":[],"_links":{"self":[{"href":"https:\/\/bonna-musica.com\/index.php?rest_route=\/wp\/v2\/pages\/6"}],"collection":[{"href":"https:\/\/bonna-musica.com\/index.php?rest_route=\/wp\/v2\/pages"}],"about":[{"href":"https:\/\/bonna-musica.com\/index.php?rest_route=\/wp\/v2\/types\/page"}],"author":[{"embeddable":true,"href":"https:\/\/bonna-musica.com\/index.php?rest_route=\/wp\/v2\/users\/1"}],"replies":[{"embeddable":true,"href":"https:\/\/bonna-musica.com\/index.php?rest_route=%2Fwp%2Fv2%2Fcomments&post=6"}],"version-history":[{"count":442,"href":"https:\/\/bonna-musica.com\/index.php?rest_route=\/wp\/v2\/pages\/6\/revisions"}],"predecessor-version":[{"id":949,"href":"https:\/\/bonna-musica.com\/index.php?rest_route=\/wp\/v2\/pages\/6\/revisions\/949"}],"wp:attachment":[{"href":"https:\/\/bonna-musica.com\/index.php?rest_route=%2Fwp%2Fv2%2Fmedia&parent=6"}],"curies":[{"name":"wp","href":"https:\/\/api.w.org\/{rel}","templated":true}]}}